{"id":4446,"date":"2024-10-31T17:40:21","date_gmt":"2024-10-31T17:40:21","guid":{"rendered":"https:\/\/amq-inc.com\/?post_type=good_practice&#038;p=4446"},"modified":"2024-10-31T17:40:22","modified_gmt":"2024-10-31T17:40:22","slug":"operation-recyclage-durant-la-periode-de-pandemie-fonderie-horne","status":"publish","type":"good_practice","link":"https:\/\/amq-inc.com\/en\/bonnes-pratiques\/operation-recyclage-durant-la-periode-de-pandemie-fonderie-horne\/","title":{"rendered":"Op\u00e9ration recyclage durant la p\u00e9riode de pand\u00e9mie \u2013 Fonderie Horne"},"content":{"rendered":"\n<p>Depuis 14 ans, la Fonderie Horne organise la journ\u00e9e <em>Op\u00e9ration recyclage<\/em> pour sensibiliser la population de Rouyn-Noranda \u00e0 l&#8217;importance du recyclage des produits \u00e9lectroniques. Le recyclage permet de d\u00e9tourner ces objets des sites d&#8217;enfouissement et de r\u00e9cup\u00e9rer des m\u00e9taux tels que le cuivre, l&#8217;or, l&#8217;argent, le platine et le palladium, utiles \u00e0 la fabrication de nouveaux produits manufactur\u00e9s. L&#8217;\u00e9v\u00e9nement, qui se d\u00e9roule \u00e0 la fin de l&#8217;\u00e9t\u00e9 en partenariat avec ARPE Qu\u00e9bec, attire pr\u00e8s de 500&nbsp;familles chaque ann\u00e9e. Lors de cette journ\u00e9e, les citoyens apportent leurs vieux appareils au site de la Fonderie pour les recycler, recevant des cadeaux en \u00e9change. En 2020, malgr\u00e9 les d\u00e9fis de la pand\u00e9mie de COVID-19, les organisateurs de l\u2019\u00e9v\u00e9nement ont r\u00e9ussi \u00e0 mettre sur pied une formule \u00ab&nbsp;service \u00e0 l\u2019auto&nbsp;\u00bb. Cette formule a \u00e9t\u00e9 couronn\u00e9e de succ\u00e8s, avec une collecte aussi fructueuse que lors des ann\u00e9es ant\u00e9rieures.<\/p>\n\n\n\n<div class=\"imedia-accordion collapsed\"><button role=\"button\" class=\"imedia-accordion__title\">Sommaire du projet et mise en contexte<\/button><div class=\"imedia-accordion__content\">\n<p>La Fonderie Horne organise depuis 14 ans la journ\u00e9e <em>Op\u00e9ration recyclage<\/em> en partenariat avec ARPE Qu\u00e9bec. Cet \u00e9v\u00e9nement vise \u00e0 sensibiliser la population de Rouyn-Noranda au recyclage des appareils \u00e9lectroniques et \u00e9lectriques d\u00e9suets. Afin de contrer l\u2019accroissement du nombre de d\u00e9chets \u00e9lectroniques dans les sites d&#8217;enfouissement, l&#8217;entreprise encourage les citoyens \u00e0 apporter leurs vieux appareils pour les recycler sur son site. L&#8217;\u00e9v\u00e9nement attire environ 500&nbsp;familles chaque ann\u00e9e et propose, en plus de l\u2019activit\u00e9 de r\u00e9cup\u00e9ration, des visites de l\u2019usine et des kiosques \u00e9ducatifs sur les op\u00e9rations de la Fonderie, le recyclage des m\u00e9taux et l&#8217;importance du cuivre dans notre quotidien. En 2020, malgr\u00e9 les restrictions sanitaires occasionn\u00e9es par la pand\u00e9mie de COVID-19, l&#8217;\u00e9v\u00e9nement a pu continuer gr\u00e2ce \u00e0 une formule innovante de type \u00ab&nbsp;service \u00e0 l&#8217;auto&nbsp;\u00bb, permettant de collecter une quantit\u00e9 de mat\u00e9riel \u00e0 recycler similaire \u00e0 celle des ann\u00e9es pr\u00e9c\u00e9dentes.<br><\/p>\n<\/div><\/div>\n\n\n\n<div class=\"imedia-accordion collapsed\"><button role=\"button\" class=\"imedia-accordion__title\">Probl\u00e9matique rencontr\u00e9e<\/button><div class=\"imedia-accordion__content\">\n<p class=\"has-text-align-left\">Depuis 2007, la journ\u00e9e Op\u00e9ration recyclage organis\u00e9e par la Fonderie Horne est un \u00e9v\u00e9nement annuel cl\u00e9 pour sensibiliser la population de Rouyn-Noranda au recyclage des m\u00e9taux. Cependant, l\u2019arriv\u00e9e de la pand\u00e9mie de COVID-19 en 2020 a soudainement boulevers\u00e9 les fa\u00e7ons de faire \u00e9tablies. Les restrictions sanitaires impos\u00e9es en zone jaune mena\u00e7aient la tenue de l\u2019\u00e9v\u00e9nement, obligeant les organisateurs \u00e0 repenser compl\u00e8tement son format. Face \u00e0 ce d\u00e9fi, il a \u00e9t\u00e9 n\u00e9cessaire pour eux de collaborer \u00e9troitement avec la Direction de la sant\u00e9 publique (DSP) afin d\u2019\u00e9laborer une solution qui respecterait les r\u00e8gles sanitaires en vigueur et ce, tout en permettant de maintenir l&#8217;engagement communautaire. C\u2019est ainsi qu\u2019a \u00e9t\u00e9 instaur\u00e9e une formule innovante de \u00ab service \u00e0 l\u2019auto \u00bb permettant aux citoyens de d\u00e9poser leurs appareils \u00e0 recycler tout en minimisant les contacts physiques.<img loading=\"lazy\" decoding=\"async\" width=\"1000\" height=\"667\" class=\"wp-image-4434\" style=\"width: 1000px;\" src=\"https:\/\/amq-inc.com\/wp-content\/uploads\/2024\/09\/dmc-6351.jpg\" alt=\"\" srcset=\"https:\/\/amq-inc.com\/wp-content\/uploads\/2024\/09\/dmc-6351.jpg 1800w, https:\/\/amq-inc.com\/wp-content\/uploads\/2024\/09\/dmc-6351-300x200.jpg 300w, https:\/\/amq-inc.com\/wp-content\/uploads\/2024\/09\/dmc-6351-1024x683.jpg 1024w, https:\/\/amq-inc.com\/wp-content\/uploads\/2024\/09\/dmc-6351-750x500.jpg 750w, https:\/\/amq-inc.com\/wp-content\/uploads\/2024\/09\/dmc-6351-1500x1000.jpg 1500w\" sizes=\"auto, (max-width: 1000px) 100vw, 1000px\" \/><\/p>\n<\/div><\/div>\n\n\n\n<div class=\"imedia-accordion collapsed\"><button role=\"button\" class=\"imedia-accordion__title\">R\u00e9sultats<\/button><div class=\"imedia-accordion__content\">\n<p>La journ\u00e9e <em>Op\u00e9ration recyclage<\/em> permet de d\u00e9tourner bon an mal an, environ 7 tonnes de d\u00e9chets \u00e9lectroniques et \u00e9lectriques des sites d&#8217;enfouissement, totalisant pr\u00e8s de 700&nbsp;tonnes recycl\u00e9es au cours des 14&nbsp;derni\u00e8res ann\u00e9es. Lors de l\u2019op\u00e9ration \u00ab&nbsp;service \u00e0 l\u2019auto&nbsp;\u00bb de 2020, l&#8217;\u00e9v\u00e9nement a attir\u00e9 pr\u00e8s de 700&nbsp;visiteurs et permis de collecter 7&nbsp;tonnes de mat\u00e9riel recyclable, ceci malgr\u00e9 l\u2019attente occasionn\u00e9e par la file de participants s\u2019\u00e9tant d\u00e9plac\u00e9s pour l\u2019occasion.<br><br>Depuis sa cr\u00e9ation, l&#8217;\u00e9v\u00e9nement a permis de sensibiliser plus de 8&nbsp;000&nbsp;personnes \u00e0 l&#8217;importance du recyclage des m\u00e9taux. De plus, en 2017 un point de d\u00e9p\u00f4t officiel a \u00e9t\u00e9 install\u00e9 pr\u00e8s de l&#8217;usine, o\u00f9 l\u2019on r\u00e9cup\u00e8re en moyenne 25&nbsp;tonnes de mat\u00e9riel par an. En parall\u00e8le, la Fonderie a \u00e9galement contribu\u00e9 \u00e0 reverdir le quartier Vieux-Noranda en y plantant plus de 500 arbres, renfor\u00e7ant ainsi son engagement envers l&#8217;environnement.<\/p>\n<\/div><\/div>\n\n\n\n<div class=\"imedia-accordion collapsed\"><button role=\"button\" class=\"imedia-accordion__title\">Potentiel du projet<\/button><div class=\"imedia-accordion__content\">\n<p>En sensibilisant le public au recyclage des m\u00e9taux et \u00e0 la revalorisation des d\u00e9chets \u00e9lectroniques, l&#8217;\u00e9v\u00e9nement <em>Op\u00e9ration recyclage<\/em> offre une alternative durable \u00e0 l&#8217;extraction mini\u00e8re. Des journ\u00e9es d\u00e9di\u00e9es aux \u00e9coles ont \u00e9t\u00e9 ajout\u00e9es pour \u00e9duquer les enfants sur ces pratiques. Le succ\u00e8s de l\u2019op\u00e9ration, malgr\u00e9 la pand\u00e9mie, d\u00e9montre l&#8217;engagement croissant des citoyens envers le recyclage et le potentiel de d\u00e9veloppement continu de l&#8217;\u00e9v\u00e9nement.<img loading=\"lazy\" decoding=\"async\" width=\"1000\" height=\"1500\" class=\"wp-image-4438\" style=\"width: 1000px;\" src=\"https:\/\/amq-inc.com\/wp-content\/uploads\/2024\/09\/dmc-6742.jpg\" alt=\"\" srcset=\"https:\/\/amq-inc.com\/wp-content\/uploads\/2024\/09\/dmc-6742.jpg 1200w, https:\/\/amq-inc.com\/wp-content\/uploads\/2024\/09\/dmc-6742-200x300.jpg 200w, https:\/\/amq-inc.com\/wp-content\/uploads\/2024\/09\/dmc-6742-683x1024.jpg 683w, https:\/\/amq-inc.com\/wp-content\/uploads\/2024\/09\/dmc-6742-750x1125.jpg 750w, https:\/\/amq-inc.com\/wp-content\/uploads\/2024\/09\/dmc-6742-667x1000.jpg 667w\" sizes=\"auto, (max-width: 1000px) 100vw, 1000px\" \/><\/p>\n<\/div><\/div>\n\n\n\n<div class=\"imedia-accordion collapsed\"><button role=\"button\" class=\"imedia-accordion__title\">Port\u00e9e du projet<\/button><div class=\"imedia-accordion__content\">\n<p>La journ\u00e9e <em>Op\u00e9ration recyclage<\/em> a \u00e9largi son influence au cours des ans en impliquant divers organismes tels que la Ville de Rouyn-Noranda, le Conseil r\u00e9gional de l&#8217;environnement de l&#8217;Abitibi-T\u00e9miscamingue, et des associations comme le Mouvement z\u00e9ro d\u00e9chet Abitibi-T\u00e9miscamingue. Ces partenaires ajoutent des kiosques \u00e9ducatifs sur la pr\u00e9servation de l&#8217;environnement et le recyclage. Environ 80 employ\u00e9s de la Fonderie Horne jouent un r\u00f4le cl\u00e9 en tant que b\u00e9n\u00e9voles chaque ann\u00e9e.<br><br>Au cours de la p\u00e9riode de restrictions sanitaires, l&#8217;\u00e9v\u00e9nement a continu\u00e9 \u00e0 offrir des informations via une brochure en lieu et place des kiosques habituels, avec la collaboration d&#8217;autres organismes, pour promouvoir l&#8217;\u00e9conomie circulaire. Cet \u00e9v\u00e9nement est d\u00e9sormais per\u00e7u comme incontournable par la communaut\u00e9.<br><br><img loading=\"lazy\" decoding=\"async\" width=\"1000\" height=\"750\" class=\"wp-image-4436\" style=\"width: 1000px;\" src=\"https:\/\/amq-inc.com\/wp-content\/uploads\/2024\/09\/benevoles.jpg\" alt=\"\" srcset=\"https:\/\/amq-inc.com\/wp-content\/uploads\/2024\/09\/benevoles.jpg 640w, https:\/\/amq-inc.com\/wp-content\/uploads\/2024\/09\/benevoles-300x225.jpg 300w\" sizes=\"auto, (max-width: 1000px) 100vw, 1000px\" \/><\/p>\n<\/div><\/div>\n\n\n\n<div class=\"imedia-accordion collapsed\"><button role=\"button\" class=\"imedia-accordion__title\">Contribution au d\u00e9veloppement durable<\/button><div class=\"imedia-accordion__content\">\n<p>La journ\u00e9e <em>Op\u00e9ration recyclage<\/em> contribue significativement aux objectifs de d\u00e9veloppement durable en favorisant le dialogue et la transparence avec la communaut\u00e9. L&#8217;\u00e9v\u00e9nement offre une plateforme pour pr\u00e9senter les op\u00e9rations de la Fonderie, r\u00e9pondre aux questions des visiteurs et engager des discussions sur divers enjeux environnementaux. Il soutient \u00e9galement les objectifs de d\u00e9veloppement durable relatifs \u00e0 la consommation et \u00e0 la production durables, ainsi que la lutte contre les changements climatiques, puisqu\u2019il permet de r\u00e9duire l&#8217;extraction mini\u00e8re, de r\u00e9duire la consommation de nouvelles mati\u00e8res premi\u00e8res, de minimiser la production de d\u00e9chets et de promouvoir l&#8217;\u00e9conomie circulaire. Enfin, avec la plantation en parall\u00e8le de plus de 500 arbres, l&#8217;\u00e9v\u00e9nement contribue au verdissement du milieu urbain, \u00e0 la r\u00e9duction des \u00eelots de chaleur et \u00e0 la capture des gaz \u00e0 effet de serre.<\/p>\n<\/div><\/div>\n","protected":false},"excerpt":{"rendered":"<p>Depuis 14 ans, la Fonderie Horne organise la journ\u00e9e Op\u00e9ration recyclage pour sensibiliser la population de Rouyn-Noranda \u00e0 l&#8217;importance du [&hellip;]<\/p>\n","protected":false},"featured_media":0,"template":"","tags":[114],"good_practice_category":[54,59],"class_list":["post-4446","good_practice","type-good_practice","status-publish","hentry","tag-environnement","good_practice_category-environnement","good_practice_category-matieres-residuelles"],"acf":[],"yoast_head":"<!-- This site is optimized with the Yoast SEO plugin v27.5 - https:\/\/yoast.com\/product\/yoast-seo-wordpress\/ -->\n<title>Op\u00e9ration recyclage durant la p\u00e9riode de pand\u00e9mie \u2013 Fonderie Horne - Association Mini\u00e8re du Qu\u00e9bec<\/title>\n<meta name=\"description\" content=\"D\u00e9veloppement d\u2019un partenariat fort ing\u00e9nieux afin de miser sur l\u2019utilisation et la valorisation de compost local.\" \/>\n<meta name=\"robots\" content=\"index, follow, max-snippet:-1, max-image-preview:large, max-video-preview:-1\" \/>\n<link rel=\"canonical\" href=\"https:\/\/amq-inc.com\/en\/bonnes-pratiques\/operation-recyclage-durant-la-periode-de-pandemie-fonderie-horne\/\" \/>\n<meta property=\"og:locale\" content=\"en_US\" \/>\n<meta property=\"og:type\" content=\"article\" \/>\n<meta property=\"og:title\" content=\"Bonnes pratiques - D\u00e9veloppement d\u2019un partenariat fort ing\u00e9nieux afin de miser sur l\u2019utilisation et la valorisation de compost local (Eldorado Gold Qu\u00e9bec)\" \/>\n<meta property=\"og:description\" content=\"D\u00e9veloppement d\u2019un partenariat fort ing\u00e9nieux afin de miser sur l\u2019utilisation et la valorisation de compost local.\" \/>\n<meta property=\"og:url\" content=\"https:\/\/amq-inc.com\/en\/bonnes-pratiques\/operation-recyclage-durant-la-periode-de-pandemie-fonderie-horne\/\" \/>\n<meta property=\"og:site_name\" content=\"Association Mini\u00e8re du Qu\u00e9bec\" \/>\n<meta property=\"article:modified_time\" content=\"2024-10-31T17:40:22+00:00\" \/>\n<meta property=\"og:image\" content=\"https:\/\/amq-inc.com\/wp-content\/uploads\/2023\/03\/template-bonnes-pratiques-facebook.png\" \/>\n\t<meta property=\"og:image:width\" content=\"1200\" \/>\n\t<meta property=\"og:image:height\" content=\"630\" \/>\n\t<meta property=\"og:image:type\" content=\"image\/png\" \/>\n<meta name=\"twitter:card\" content=\"summary_large_image\" \/>\n<meta name=\"twitter:image\" content=\"https:\/\/amq-inc.com\/wp-content\/uploads\/2023\/03\/template-bonnes-pratiques-facebook.png\" \/>\n<!-- \/ Yoast SEO plugin. -->","yoast_head_json":{"title":"Op\u00e9ration recyclage durant la p\u00e9riode de pand\u00e9mie \u2013 Fonderie Horne - Association Mini\u00e8re du Qu\u00e9bec","description":"D\u00e9veloppement d\u2019un partenariat fort ing\u00e9nieux afin de miser sur l\u2019utilisation et la valorisation de compost local.","robots":{"index":"index","follow":"follow","max-snippet":"max-snippet:-1","max-image-preview":"max-image-preview:large","max-video-preview":"max-video-preview:-1"},"canonical":"https:\/\/amq-inc.com\/en\/bonnes-pratiques\/operation-recyclage-durant-la-periode-de-pandemie-fonderie-horne\/","og_locale":"en_US","og_type":"article","og_title":"Bonnes pratiques - D\u00e9veloppement d\u2019un partenariat fort ing\u00e9nieux afin de miser sur l\u2019utilisation et la valorisation de compost local (Eldorado Gold Qu\u00e9bec)","og_description":"D\u00e9veloppement d\u2019un partenariat fort ing\u00e9nieux afin de miser sur l\u2019utilisation et la valorisation de compost local.","og_url":"https:\/\/amq-inc.com\/en\/bonnes-pratiques\/operation-recyclage-durant-la-periode-de-pandemie-fonderie-horne\/","og_site_name":"Association Mini\u00e8re du Qu\u00e9bec","article_modified_time":"2024-10-31T17:40:22+00:00","og_image":[{"width":1200,"height":630,"url":"https:\/\/amq-inc.com\/wp-content\/uploads\/2023\/03\/template-bonnes-pratiques-facebook.png","type":"image\/png"}],"twitter_card":"summary_large_image","twitter_image":"https:\/\/amq-inc.com\/wp-content\/uploads\/2023\/03\/template-bonnes-pratiques-facebook.png","schema":{"@context":"https:\/\/schema.org","@graph":[{"@type":"WebPage","@id":"https:\/\/amq-inc.com\/en\/bonnes-pratiques\/operation-recyclage-durant-la-periode-de-pandemie-fonderie-horne\/","url":"https:\/\/amq-inc.com\/en\/bonnes-pratiques\/operation-recyclage-durant-la-periode-de-pandemie-fonderie-horne\/","name":"Op\u00e9ration recyclage durant la p\u00e9riode de pand\u00e9mie \u2013 Fonderie Horne - Association Mini\u00e8re du Qu\u00e9bec","isPartOf":{"@id":"https:\/\/amq-inc.com\/en\/#website"},"primaryImageOfPage":{"@id":"https:\/\/amq-inc.com\/en\/bonnes-pratiques\/operation-recyclage-durant-la-periode-de-pandemie-fonderie-horne\/#primaryimage"},"image":{"@id":"https:\/\/amq-inc.com\/en\/bonnes-pratiques\/operation-recyclage-durant-la-periode-de-pandemie-fonderie-horne\/#primaryimage"},"thumbnailUrl":"https:\/\/amq-inc.com\/wp-content\/uploads\/2024\/09\/dmc-6351.jpg","datePublished":"2024-10-31T17:40:21+00:00","dateModified":"2024-10-31T17:40:22+00:00","description":"D\u00e9veloppement d\u2019un partenariat fort ing\u00e9nieux afin de miser sur l\u2019utilisation et la valorisation de compost local.","breadcrumb":{"@id":"https:\/\/amq-inc.com\/en\/bonnes-pratiques\/operation-recyclage-durant-la-periode-de-pandemie-fonderie-horne\/#breadcrumb"},"inLanguage":"en-US","potentialAction":[{"@type":"ReadAction","target":["https:\/\/amq-inc.com\/en\/bonnes-pratiques\/operation-recyclage-durant-la-periode-de-pandemie-fonderie-horne\/"]}]},{"@type":"ImageObject","inLanguage":"en-US","@id":"https:\/\/amq-inc.com\/en\/bonnes-pratiques\/operation-recyclage-durant-la-periode-de-pandemie-fonderie-horne\/#primaryimage","url":"https:\/\/amq-inc.com\/wp-content\/uploads\/2024\/09\/dmc-6351.jpg","contentUrl":"https:\/\/amq-inc.com\/wp-content\/uploads\/2024\/09\/dmc-6351.jpg"},{"@type":"BreadcrumbList","@id":"https:\/\/amq-inc.com\/en\/bonnes-pratiques\/operation-recyclage-durant-la-periode-de-pandemie-fonderie-horne\/#breadcrumb","itemListElement":[{"@type":"ListItem","position":1,"name":"Accueil","item":"https:\/\/amq-inc.com\/en\/"},{"@type":"ListItem","position":2,"name":"Good Practices","item":"https:\/\/amq-inc.com\/en\/good-practices\/"},{"@type":"ListItem","position":3,"name":"Op\u00e9ration recyclage durant la p\u00e9riode de pand\u00e9mie \u2013 Fonderie Horne"}]},{"@type":"WebSite","@id":"https:\/\/amq-inc.com\/en\/#website","url":"https:\/\/amq-inc.com\/en\/","name":"Association Mini\u00e8re du Qu\u00e9bec","description":"","publisher":{"@id":"https:\/\/amq-inc.com\/en\/#organization"},"potentialAction":[{"@type":"SearchAction","target":{"@type":"EntryPoint","urlTemplate":"https:\/\/amq-inc.com\/en\/?s={search_term_string}"},"query-input":{"@type":"PropertyValueSpecification","valueRequired":true,"valueName":"search_term_string"}}],"inLanguage":"en-US"},{"@type":"Organization","@id":"https:\/\/amq-inc.com\/en\/#organization","name":"Association Mini\u00e8re du Qu\u00e9bec","url":"https:\/\/amq-inc.com\/en\/","logo":{"@type":"ImageObject","inLanguage":"en-US","@id":"https:\/\/amq-inc.com\/en\/#\/schema\/logo\/image\/","url":"https:\/\/amq-inc.com\/wp-content\/uploads\/2022\/05\/amq-logo.png","contentUrl":"https:\/\/amq-inc.com\/wp-content\/uploads\/2022\/05\/amq-logo.png","width":1200,"height":529,"caption":"Association Mini\u00e8re du Qu\u00e9bec"},"image":{"@id":"https:\/\/amq-inc.com\/en\/#\/schema\/logo\/image\/"}}]}},"_links":{"self":[{"href":"https:\/\/amq-inc.com\/en\/wp-json\/wp\/v2\/good_practice\/4446","targetHints":{"allow":["GET"]}}],"collection":[{"href":"https:\/\/amq-inc.com\/en\/wp-json\/wp\/v2\/good_practice"}],"about":[{"href":"https:\/\/amq-inc.com\/en\/wp-json\/wp\/v2\/types\/good_practice"}],"wp:attachment":[{"href":"https:\/\/amq-inc.com\/en\/wp-json\/wp\/v2\/media?parent=4446"}],"wp:term":[{"taxonomy":"post_tag","embeddable":true,"href":"https:\/\/amq-inc.com\/en\/wp-json\/wp\/v2\/tags?post=4446"},{"taxonomy":"good_practice_category","embeddable":true,"href":"https:\/\/amq-inc.com\/en\/wp-json\/wp\/v2\/good_practice_category?post=4446"}],"curies":[{"name":"wp","href":"https:\/\/api.w.org\/{rel}","templated":true}]}}